{"id":52,"date":"2009-04-11T17:38:18","date_gmt":"2009-04-11T15:38:18","guid":{"rendered":"http:\/\/alexhernandez.es\/esp\/teatro\/la-reforma-incompleta\/premio-martin-recuerda-de-teatro\/"},"modified":"2020-03-17T18:48:29","modified_gmt":"2020-03-17T16:48:29","slug":"premio-martin-recuerda-de-teatro","status":"publish","type":"page","link":"https:\/\/alexhernandez.es\/en\/obras\/teatro\/lareformaincompleta\/premio-martin-recuerda-de-teatro\/","title":{"rendered":"Awards"},"content":{"rendered":"<h2>IX Premio Mart\u00edn Recuerda de Teatro<\/h2>\n<p><a href=\"https:\/\/alexhernandez.es\/en\/teatro\/lareformaincompleta\"><em>The Unfinished Masterpiece<\/em><\/a> was awarded <strong>IX Premio Mart\u00edn Recuerda de Teatro<\/strong>, organized by Junta de Andaluc\u00eda, Diputaci\u00f3n de Granada and Obra Social CajaGranada.<\/p>\n<p style=\"text-align: center;\"><img loading=\"lazy\" decoding=\"async\" src=\"https:\/\/alexhernandez.es\/images\/martinrecuerdaorganizan.jpg\" alt=\"Junta de Andaluc\u00eda, Diputaci\u00f3n de Granada y Obra Social CajaGranada\" width=\"713\" height=\"128\"><\/p>\n<p>On December 10th 2007 the jury declares unanimously in favour of <em>The Unfinished Masterpiece<\/em>. The aforementioned jury was formed by the following members:<\/p>\n<div style=\"padding-left: 25px;\">\n<ul>\n<li><strong>\u00c1ngel Cobo Rivas<\/strong>, today \u00c1ngel Mart\u00edn-Recuerda, foster son of Jos\u00e9 Mart\u00edn Recuerda<\/li>\n<li><strong>Mar\u00eda Jes\u00fas Bajo<\/strong>, for the <a href=\"http:\/\/www.aat.es\/\" target=\"_blank\" rel=\"noopener noreferrer\">Asociaci\u00f3n de Autores de Teatro<\/a><\/li>\n<li><strong>Rafael Tor\u00e1n<\/strong>, for the <a href=\"http:\/\/www.adeteatro.com\" target=\"_blank\" rel=\"noopener noreferrer\">Asociaci\u00f3n de Directores de Escena de Espa\u00f1a<\/a><\/li>\n<li><strong>Juan Manuel Azpitarte<\/strong>, for the Delegaci\u00f3n de Cultura de la <a href=\"http:\/\/www.dipgra.es\" target=\"_blank\" rel=\"noopener noreferrer\">Diputaci\u00f3n de Granada<\/a><\/li>\n<li><strong>Antonio S\u00e1nchez Trigueros<\/strong>, for the <a href=\"http:\/\/www.juntadeandalucia.es\/cultura\/\" target=\"_blank\" rel=\"noopener noreferrer\">Delegaci\u00f3n de Cultura de la Junta de Andaluc\u00eda<\/a><\/li>\n<li><strong>Mariano S\u00e1nchez Pantoja<\/strong>, director of <a href=\"http:\/\/www.teatroalhambra.com\" target=\"_blank\" rel=\"noopener noreferrer\">Teatro Alhambra<\/a>, for Obra Social de CajaGranada<\/li>\n<li><strong>Julia Ru\u00edz Carazo<\/strong>, for the Asociaci\u00f3n Andaluza de Empresas de Compa\u00f1\u00edas de Teatro (ACTA)<\/li>\n<li><strong>Jos\u00e9 Mar\u00eda Roca<\/strong>, president of the Asociaci\u00f3n Andaluza de Empresas de Compa\u00f1\u00edas de Teatro (ACTA)<\/li>\n<\/ul>\n<\/div>\n<p>The award ceremony took place on February 21st 2008 at the <a href=\"http:\/\/www.teatroalhambra.com\" target=\"_blank\" rel=\"noopener noreferrer\">Teatro Alhambra<\/a> in Granada. The authorreceived the award with what renowned critic Andr\u00e9s Molinari defined as &#8220;a humour-ridden speech, pregnant with theatricality&#8221;. You can download the speech (in Spanish) <a href=\"https:\/\/alexhernandez.es\/descargas\/discurso22feb08.pdf\" target=\"_blank\" rel=\"noopener noreferrer\">here<\/a>.<\/p>\n<p style=\"text-align: center;\"><img loading=\"lazy\" decoding=\"async\" src=\"https:\/\/alexhernandez.es\/images\/2008-02-22entrega1.jpg\" alt=\"Momento de la entrega\" width=\"200\" height=\"150\" longdesc=\"Fotograf\u00eda de Alberto Jimenez\" hspace=\"7\"> <img loading=\"lazy\" decoding=\"async\" src=\"https:\/\/alexhernandez.es\/images\/2008-02-22entrega2.jpg\" alt=\"Momento de la entrega\" width=\"200\" height=\"150\" longdesc=\"Fotograf\u00eda de Chema Moreno\" hspace=\"7\"> <img loading=\"lazy\" decoding=\"async\" src=\"https:\/\/alexhernandez.es\/images\/2008-02-22entrega3.jpg\" alt=\"Momento de la entrega\" width=\"200\" height=\"150\" longdesc=\"Fotograf\u00eda de Chema Moreno\" hspace=\"7\"><\/p>\n<p style=\"text-align: center;\"><img loading=\"lazy\" decoding=\"async\" src=\"https:\/\/alexhernandez.es\/images\/2008-02-22entrega4.jpg\" alt=\"Momento de la entrega\" width=\"200\" height=\"150\" longdesc=\"Fotograf\u00eda de Chema Moreno\" hspace=\"7\"> <img loading=\"lazy\" decoding=\"async\" src=\"https:\/\/alexhernandez.es\/images\/2008-02-22entrega5.jpg\" alt=\"Momento de la entrega\" width=\"200\" height=\"150\" longdesc=\"Fotograf\u00eda de Chema Moreno\" hspace=\"7\"> <img loading=\"lazy\" decoding=\"async\" src=\"https:\/\/alexhernandez.es\/images\/2008-02-22entrega6.jpg\" alt=\"Momento de la entrega\" width=\"200\" height=\"150\" longdesc=\"Fotograf\u00eda de Chema Moreno\" hspace=\"7\"><\/p>\n<h2>Newspaper clippings (Spanish)<\/h2>\n[<a href=\"https:\/\/alexhernandez.es\/descargas\/reformarecortes.rar\" target=\"_blank\" rel=\"noopener noreferrer\">download all<\/a>]\n<p>Interviews after the award is announced (December 2007)<\/p>\n<div style=\"padding-left: 25px;\">\n<ul>\n<li><a href=\"https:\/\/alexhernandez.es\/descargas\/2007-12-11opiniondegranada.jpg\">Article<\/a> published in diary La Opini\u00f3n de Granada (photo by <a href=\"http:\/\/www.naeros.net\/\" target=\"_blank\" rel=\"noopener noreferrer\">Gabriel Guerrero<\/a>)<\/li>\n<li><a href=\"https:\/\/alexhernandez.es\/descargas\/2007-12-11ideal.jpg\">Article<\/a> published in diary Ideal (<a href=\"http:\/\/www.ideal.es\/granada\/20071211\/cultura\/granadino-alex-hernandez-gana-20071211.html\" target=\"_blank\" rel=\"noopener noreferrer\">versi\u00f3n online<\/a>) (photo by <a href=\"http:\/\/www.naeros.net\/\" target=\"_blank\" rel=\"noopener noreferrer\">Gabriel Guerrero<\/a>)<\/li>\n<li><a href=\"https:\/\/alexhernandez.es\/descargas\/2007-12-12granadahoy.jpg\">Interview<\/a> published in diary Granada Hoy<\/li>\n<li><a href=\"https:\/\/alexhernandez.es\/descargas\/2007-12-13granadahoytrasera.jpg\">Note<\/a> published in closing page of diary Granada Hoy<\/li>\n<\/ul>\n<\/div>\n<p>Articles covering the award ceremony (February 21st, 2008)<\/p>\n<div style=\"padding-left: 25px;\">\n<ul>\n<li>Diary <a href=\"https:\/\/alexhernandez.es\/descargas\/2008-02-22entregaideal.jpg\">Ideal<\/a>, by Andr\u00e9s Molinari (<a href=\"http:\/\/www.ideal.es\/granada\/20080222\/cultura\/murio-hombre-perdura-nombre-20080222.html\" target=\"_blank\" rel=\"noopener noreferrer\">also available online<\/a>)<\/li>\n<li>Diary <a href=\"https:\/\/alexhernandez.es\/descargas\/2008-02-22entregagranadahoy.jpg\">Granada Hoy<\/a> (<a href=\"http:\/\/www.granadahoy.com\/article\/ocio\/60349\/alex\/hernandez\/recoge\/ix\/premio\/martin\/recuerda.html\" target=\"_blank\" rel=\"noopener noreferrer\">also available online<\/a>)<\/li>\n<li>Diary <a href=\"https:\/\/alexhernandez.es\/descargas\/2008-02-22entregaopinion.jpg\">La Opini\u00f3n<\/a> de Granada<\/li>\n<\/ul>\n<\/div>\n<p>Presentation of the book and Dramatized reading (March 21st, 2009)<\/p>\n<div style=\"padding-left: 25px;\">\n<ul>\n<li>Diary <a href=\"http:\/\/www.ideal.es\/granada\/20090321\/cultura\/salobrena-acoge-primera-entrega-20090321.html\">Ideal<\/a><\/li>\n<li>Diary Granada Hoy: <a title=\"Acto de presentaci\u00f3n\" href=\"http:\/\/www.granadahoy.com\/article\/ocio\/380090\/jose\/antonio\/sanchez\/gomez\/gana\/premio\/teatro\/martin\/recuerda.html\" target=\"_blank\" rel=\"noopener noreferrer\">press conference<\/a> and <a title=\"Cr\u00edtica de la lectura dramatizada\" href=\"https:\/\/alexhernandez.es\/descargas\/2009-03-21lecturaopinion.jpg\" target=\"_blank\" rel=\"noopener noreferrer\">coverage of the dramatized reading<\/a><\/li>\n<li>Photos by <a href=\"http:\/\/fidellorite.com\/\" target=\"_blank\" rel=\"noopener noreferrer\">Fidel Lorite<\/a>&nbsp;and <a href=\"https:\/\/twitter.com\/chemateatrero\" target=\"_blank\" rel=\"noopener noreferrer\">Chema Moreno<\/a><\/li>\n<li>Video by <a href=\"http:\/\/www.youtube.com\/watch?v=VT_PsPkrQ3c\" target=\"_blank\" rel=\"noopener noreferrer\">Chema Moreno<\/a> (actors at the reading were <a href=\"https:\/\/twitter.com\/veronica_larios\" target=\"_blank\" rel=\"noopener noreferrer\">Ver\u00f3nica Larios<\/a>, <a href=\"http:\/\/www.facebook.com\/people\/Antonio-Rincon-Cano\/1632892254\" target=\"_blank\" rel=\"noopener noreferrer\">Antonio Cano<\/a> and <a href=\"http:\/\/www.imdb.com\/name\/nm1782419\/\" target=\"_blank\" rel=\"noopener noreferrer\">Alfonso Begara<\/a>)<\/li>\n<\/ul>\n<\/div>\n<p style=\"text-align: center;\"><img loading=\"lazy\" decoding=\"async\" src=\"https:\/\/alexhernandez.es\/descargas\/reforma-fallodeljurado.jpg\" alt=\"Resumen del Acta del Jurado\" width=\"489\" height=\"690\"><\/p>","protected":false},"excerpt":{"rendered":"<p>IX Premio Mart\u00edn Recuerda de Teatro The Unfinished Masterpiece was awarded IX Premio Mart\u00edn Recuerda de Teatro, organized by Junta de Andaluc\u00eda, Diputaci\u00f3n de Granada and Obra Social CajaGranada. On December 10th 2007 the jury declares unanimously in favour of The Unfinished Masterpiece. The aforementioned jury was formed by the following members: \u00c1ngel Cobo Rivas, [&hellip;]<\/p>\n","protected":false},"author":1,"featured_media":0,"parent":3911,"menu_order":1,"comment_status":"closed","ping_status":"closed","template":"","meta":{"om_disable_all_campaigns":false,"_monsterinsights_skip_tracking":false,"_monsterinsights_sitenote_active":false,"_monsterinsights_sitenote_note":"","_monsterinsights_sitenote_category":0,"ngg_post_thumbnail":0,"footnotes":""},"class_list":["post-52","page","type-page","status-publish","hentry"],"aioseo_notices":[],"_links":{"self":[{"href":"https:\/\/alexhernandez.es\/en\/wp-json\/wp\/v2\/pages\/52","targetHints":{"allow":["GET"]}}],"collection":[{"href":"https:\/\/alexhernandez.es\/en\/wp-json\/wp\/v2\/pages"}],"about":[{"href":"https:\/\/alexhernandez.es\/en\/wp-json\/wp\/v2\/types\/page"}],"author":[{"embeddable":true,"href":"https:\/\/alexhernandez.es\/en\/wp-json\/wp\/v2\/users\/1"}],"replies":[{"embeddable":true,"href":"https:\/\/alexhernandez.es\/en\/wp-json\/wp\/v2\/comments?post=52"}],"version-history":[{"count":35,"href":"https:\/\/alexhernandez.es\/en\/wp-json\/wp\/v2\/pages\/52\/revisions"}],"predecessor-version":[{"id":6123,"href":"https:\/\/alexhernandez.es\/en\/wp-json\/wp\/v2\/pages\/52\/revisions\/6123"}],"up":[{"embeddable":true,"href":"https:\/\/alexhernandez.es\/en\/wp-json\/wp\/v2\/pages\/3911"}],"wp:attachment":[{"href":"https:\/\/alexhernandez.es\/en\/wp-json\/wp\/v2\/media?parent=52"}],"curies":[{"name":"wp","href":"https:\/\/api.w.org\/{rel}","templated":true}]}}